{"id":3048,"date":"2022-01-16T10:58:37","date_gmt":"2022-01-16T09:58:37","guid":{"rendered":"https:\/\/www.vsrohrbach-goelsen.ac.at\/?page_id=3048"},"modified":"2025-03-23T19:21:35","modified_gmt":"2025-03-23T18:21:35","slug":"butterfly-room-2","status":"publish","type":"page","link":"https:\/\/www.vsrohrbach-goelsen.ac.at\/?page_id=3048","title":{"rendered":"Nachmittagsbetreuung"},"content":{"rendered":"<p>[vc_row full_width=&#8221;stretch_row_content_no_spaces&#8221;][vc_column cms_title_size=&#8221;h2&#8243; cms_counter_border_color=&#8221;&#8221; cms_counter_bg_color=&#8221;&#8221;][vc_empty_space height=&#8221;185px&#8221;][\/vc_column][\/vc_row][vc_row full_width=&#8221;stretch_row&#8221; row_color=&#8221;#ffffff&#8221; bg_style=&#8221;bg-effect-lg&#8221; css=&#8221;.vc_custom_1642920823938{padding-top: 20px !important;padding-bottom: 55px !important;background: #e06fa5 url(http:\/\/dev.joomexp.com\/wordpress\/wp-kindergarten\/wp-content\/uploads\/2015\/04\/bg-vector.png?id=30) !important;background-position: center !important;background-repeat: no-repeat !important;background-size: cover !important;}&#8221;][vc_column][vc_column_text el_class=&#8221;color-white&#8221;]<\/p>\n<p style=\"text-align: center; font-size: 38px; line-height: 48px; font-weight: bold;\">Schulische Nachmittagsbetreuung<\/p>\n<p>[\/vc_column_text][\/vc_column][\/vc_row][vc_row css=&#8221;.vc_custom_1431004352980{padding-top: 80px !important;padding-bottom: 80px !important;}&#8221;][vc_column width=&#8221;1\/2&#8243; cms_title_size=&#8221;h2&#8243;][cms_heading title=&#8221;Schulische Nachmittagsbetreuung an der Volksschule Rohrbach&#8221;][vc_empty_space height=&#8221;36px&#8221;][vc_column_text]Seit dem Schuljahr 2012\/13 wird an der Volksschule Rohrbach eine GTS in getrennter Abfolge angeboten.<\/p>\n<p>Die Freizeitp\u00e4dagoginnen werden von der Gemeinde bereitgestellt. F\u00fcr die Haus\u00fcbungen sind sieben Lehrerinnen zust\u00e4ndig.<\/p>\n<p>Die Schule hat sich als Schwerpunkt \u201eGesunde Schule\u201c gesetzt. Dies beinhaltet: gesunde Ern\u00e4hrung, viel Bewegung (vor allem in frischer Luft), psychosoziale Gesundheit und Wertevermittlung, Nutzung der R\u00e4umlichkeiten, Lebensraumgestaltung.<\/p>\n<p>Im Weiteren k\u00f6nnen die Kinder die Angebote der Musikschule und der Sportvereine n\u00fctzen.[\/vc_column_text][vc_empty_space height=&#8221;36px&#8221;][cms_button button_text=&#8221;P\u00e4dagogisches Konzept 20\/21&#8243; link_button=&#8221;url:https%3A%2F%2Fwww.vsrohrbach-goelsen.ac.at%2Fwp-content%2Fuploads%2F2022%2F01%2FPaedagogisches-Konzept-VS-Rohrbach-20_21.pdf|target:_blank&#8221;][vc_empty_space height=&#8221;36px&#8221;][\/vc_column][vc_column width=&#8221;1\/2&#8243; cms_title_size=&#8221;h2&#8243; cms_counter_border_color=&#8221;&#8221; cms_counter_bg_color=&#8221;&#8221;][vc_single_image image=&#8221;3091&#8243; img_size=&#8221;full&#8221;][\/vc_column][\/vc_row][vc_row full_width=&#8221;stretch_row&#8221; parallax=&#8221;content-moving&#8221; parallax_image=&#8221;2407&#8243; parallax_speed_bg=&#8221;2&#8243; el_class=&#8221;row-overlay&#8221; bg_style=&#8221;img_fixed&#8221; overlay_row=&#8221;yes&#8221; css=&#8221;.vc_custom_1642329475051{padding-top: 95px !important;padding-bottom: 110px !important;background-color: #e06fa5 !important;}&#8221; overlay_color=&#8221;#d65090&#8243; overlay_opacity=&#8221;0.8&#8243;][vc_column width=&#8221;1\/3&#8243; cms_title_size=&#8221;h2&#8243; cms_counter_border_color=&#8221;&#8221; cms_counter_bg_color=&#8221;&#8221;][cms_fancybox title1=&#8221;Freundlich&#8221; cms_title_size=&#8221;h3&#8243; cms_fancybox_icon_color=&#8221;#da5192&#8243; cms_fancybox_boder_color=&#8221;#ffffff&#8221; cms_fancybox_bg_color=&#8221;#ffffff&#8221; cms_fancybox_title_color=&#8221;#ffdd00&#8243; cms_fancybox_content_color=&#8221;#ffffff&#8221; cms_template=&#8221;cms_fancybox&#8211;layout-3.php&#8221; heading_1=&#8221;&#8221;][vc_empty_space height=&#8221;50px&#8221;][cms_fancybox title1=&#8221;Spielplatz&#8221; cms_title_size=&#8221;h3&#8243; cms_fancybox_icon_color=&#8221;#da5192&#8243; cms_fancybox_boder_color=&#8221;#ffffff&#8221; cms_fancybox_bg_color=&#8221;#ffffff&#8221; cms_fancybox_title_color=&#8221;#ffdd00&#8243; cms_fancybox_content_color=&#8221;#ffffff&#8221; cms_template=&#8221;cms_fancybox&#8211;layout-3.php&#8221; heading_1=&#8221;&#8221;][\/vc_column][vc_column width=&#8221;1\/3&#8243; cms_title_size=&#8221;h2&#8243; cms_counter_border_color=&#8221;&#8221; cms_counter_bg_color=&#8221;&#8221;][cms_fancybox title1=&#8221;Qualifiziert&#8221; cms_title_size=&#8221;h3&#8243; cms_fancybox_icon_color=&#8221;#da5192&#8243; cms_fancybox_boder_color=&#8221;#ffffff&#8221; cms_fancybox_bg_color=&#8221;#ffffff&#8221; cms_fancybox_title_color=&#8221;#ffdd00&#8243; cms_fancybox_content_color=&#8221;#ffffff&#8221; cms_template=&#8221;cms_fancybox&#8211;layout-3.php&#8221;][vc_empty_space height=&#8221;50px&#8221;][cms_fancybox title1=&#8221;Ausbildung&#8221; cms_title_size=&#8221;h3&#8243; cms_fancybox_icon_color=&#8221;#da5192&#8243; cms_fancybox_boder_color=&#8221;#ffffff&#8221; cms_fancybox_bg_color=&#8221;#ffffff&#8221; cms_fancybox_title_color=&#8221;#ffdd00&#8243; cms_fancybox_content_color=&#8221;#ffffff&#8221; cms_template=&#8221;cms_fancybox&#8211;layout-3.php&#8221; heading_1=&#8221;&#8221;][\/vc_column][vc_column width=&#8221;1\/3&#8243; cms_title_size=&#8221;h2&#8243; cms_counter_border_color=&#8221;&#8221; cms_counter_bg_color=&#8221;&#8221;][cms_fancybox title1=&#8221;Erfahren&#8221; cms_title_size=&#8221;h3&#8243; cms_fancybox_icon_color=&#8221;#da5192&#8243; cms_fancybox_boder_color=&#8221;#ffffff&#8221; cms_fancybox_bg_color=&#8221;#ffffff&#8221; cms_fancybox_title_color=&#8221;#ffdd00&#8243; cms_fancybox_content_color=&#8221;#ffffff&#8221; cms_template=&#8221;cms_fancybox&#8211;layout-3.php&#8221; heading_1=&#8221;&#8221;][vc_empty_space height=&#8221;50px&#8221;][cms_fancybox title1=&#8221;Lernen&#8221; cms_title_size=&#8221;h3&#8243; cms_fancybox_icon_color=&#8221;#da5192&#8243; cms_fancybox_boder_color=&#8221;#ffffff&#8221; cms_fancybox_bg_color=&#8221;#ffffff&#8221; cms_fancybox_title_color=&#8221;#ffdd00&#8243; cms_fancybox_content_color=&#8221;#ffffff&#8221; cms_template=&#8221;cms_fancybox&#8211;layout-3.php&#8221; heading_1=&#8221;&#8221;][\/vc_column][\/vc_row][vc_row full_width=&#8221;stretch_row&#8221; row_head_color=&#8221;#575656&#8243; css=&#8221;.vc_custom_1480671629135{padding-top: 25px !important;padding-bottom: 30px !important;}&#8221;][vc_column width=&#8221;1\/2&#8243;][cms_heading title=&#8221;Pers\u00f6nliche Betreuung&#8221; line_color=&#8221;#5fcde3&#8243;][vc_empty_space height=&#8221;20px&#8221;][vc_column_text]Die ganzheitliche F\u00f6rderung steht im Vordergrund. So sollen die Kinder in ihrer k\u00f6rperlichen Entwicklung maximal gef\u00f6rdert werden und Impulse f\u00fcr ihre kreative, geistige und soziale Entwicklung erhalten. Wir versuchen die Bed\u00fcrfnisse und Interessen jedes einzelnen anzusprechen.[\/vc_column_text][vc_empty_space][\/vc_column][vc_column width=&#8221;1\/2&#8243;][vc_single_image image=&#8221;3092&#8243; img_size=&#8221;full&#8221;][\/vc_column][\/vc_row][vc_row css=&#8221;.vc_custom_1642328398211{padding-top: 50px !important;}&#8221;][vc_column][vc_tta_tabs spacing=&#8221;2&#8243; active_section=&#8221;1&#8243;][vc_tta_section title=&#8221;Gef\u00fchle&#8221; tab_id=&#8221;1480650099260-5b3b797b-6290&#8243;][vc_row_inner][vc_column_inner width=&#8221;2\/3&#8243;][vc_column_text]<\/p>\n<h1>Bed\u00fcrfnis Gef\u00fchle auszuleben<\/h1>\n<p>Kinder m\u00f6chten auch ihre Gef\u00fchle ausleben und innere Gef\u00fchlszust\u00e4nde nach au\u00dfen tragen. Sie m\u00f6chten Freude und Trauer, Wut und Angst ausleben d\u00fcrfen.<\/p>\n<h1>Bed\u00fcrfnis nach Kommunikation<\/h1>\n<p>Die sprachliche Kompetenz ist ein bedeutender Schl\u00fcssel zur Entdeckung und zum Verst\u00e4ndnis der Welt. Die Entwicklung des Wortschatzes und des Leseverst\u00e4ndnisses sind Schwerpunkte in der t\u00e4glichen p\u00e4dagogischen Arbeit mit den Kindern.<\/p>\n<h1>Bed\u00fcrfnis nach N\u00e4he und Geborgenheit<\/h1>\n<p>Sozialer Kontakt zu den P\u00e4dagoginnen und zu den Mitsch\u00fclern und Mitsch\u00fclerinnen ist f\u00fcr die Kinder sehr wertvoll. Sie suchen den Kontakt zu anderen, um sich \u00fcber \u201edieses und jenes\u201c auszutauschen, um sich \u00fcber belastende Dinge zu unterhalten und sich in der Gemeinschaft zu erleben. Die Kinder m\u00f6chten bewusst oder unbewusst von den P\u00e4dagoginnen begleitet werde. Sie haben in vielen Situationen das Bed\u00fcrfnis nach Hilfestellungen nach Anleitung, Lob und Anerkennung. Sie w\u00fcnschen sich, dass die Freizeitp\u00e4dagogin Zeit f\u00fcr sie hat und f\u00fcr \u201esie\u201c da ist.<\/p>\n<p>[\/vc_column_text][vc_empty_space height=&#8221;22px&#8221;][\/vc_column_inner][vc_column_inner width=&#8221;1\/3&#8243;][vc_empty_space height=&#8221;10px&#8221;][vc_single_image image=&#8221;140&#8243; img_size=&#8221;full&#8221; alignment=&#8221;right&#8221;][\/vc_column_inner][\/vc_row_inner][\/vc_tta_section][vc_tta_section title=&#8221;Bewegung&#8221; tab_id=&#8221;1480649986977-ee1e0f54-9dcb&#8221;][vc_row_inner][vc_column_inner width=&#8221;2\/3&#8243;][vc_column_text]<\/p>\n<h1>Bed\u00fcrfnis nach Freiraum<\/h1>\n<p>Die Kinder m\u00f6chten ungezwungen im Raum spielen. Sie w\u00fcnschen sich ungest\u00f6rte Zeit und m\u00f6chten die Freiheit haben, selbst ein Spiel auszuw\u00e4hlen oder eine Spielidee umzusetzen. Diese Freir\u00e4ume sind sehr wichtig, da sie Phantasie und Kreativit\u00e4t f\u00f6rdern.<\/p>\n<h1>Bed\u00fcrfnis nach Bewegung<\/h1>\n<p>Regelm\u00e4\u00dfige Bewegung hat nicht nur direkten Einfluss auf die Gesundheit und das soziale Verhalten der Kinder, sondern verbessert auch ihre kognitiven F\u00e4higkeiten. Der Turnsaal, der Au\u00dfenbereich und die freie Natur stehen den Kindern dabei zur Verf\u00fcgung.[\/vc_column_text][vc_empty_space height=&#8221;22px&#8221;][\/vc_column_inner][vc_column_inner width=&#8221;1\/3&#8243; text_align=&#8221;right&#8221;][vc_empty_space height=&#8221;10px&#8221;][vc_single_image image=&#8221;140&#8243; img_size=&#8221;full&#8221; alignment=&#8221;right&#8221;][\/vc_column_inner][\/vc_row_inner][\/vc_tta_section][vc_tta_section title=&#8221;Wohlbefinden&#8221; tab_id=&#8221;1480650091423-900d4414-a199&#8243;][vc_row_inner][vc_column_inner width=&#8221;2\/3&#8243;][vc_column_text]<\/p>\n<h1>Bed\u00fcrfnis nach Entspannung<\/h1>\n<p>Kinder haben in ihrer Freizeit und am Nachmittag das Bed\u00fcrfnis nach Entspannung. Sie m\u00f6chten etwas beobachten d\u00fcrfen, alleine spielen und Zeit mit sich selbst verbringen.<\/p>\n<h1>Bed\u00fcrfnis nach Struktur und Ordnung<\/h1>\n<p>Kinder haben auch am Nachmittag das Bed\u00fcrfnis nach Struktur und Ordnung. Es gibt ihnen Sicherheit und Wohlbefinden, wenn der Nachmittag klar strukturiert ist und sie ihre Grenzen und Regeln kennen.[\/vc_column_text][vc_empty_space height=&#8221;22px&#8221;][\/vc_column_inner][vc_column_inner width=&#8221;1\/3&#8243;][vc_empty_space height=&#8221;10px&#8221;][vc_single_image image=&#8221;140&#8243; img_size=&#8221;full&#8221; alignment=&#8221;right&#8221;][\/vc_column_inner][\/vc_row_inner][\/vc_tta_section][vc_tta_section title=&#8221;Natur&#8221; tab_id=&#8221;1480650094439-56625c57-e2ea&#8221;][vc_row_inner][vc_column_inner width=&#8221;2\/3&#8243;][vc_column_text]<\/p>\n<h1>Bed\u00fcrfnis nach Begegnung mit der Natur<\/h1>\n<p>Die Kinder haben ein gro\u00dfes Bed\u00fcrfnis, im Freien und in der Natur zu sein. In der Natur k\u00f6nnen sie Kraft sch\u00f6pfen. Sie k\u00f6nnen ihren Forschungs- und Entdeckungsdrang ausleben und bedeutende Naturerfahrungen und Naturerlebnisse machen.[\/vc_column_text][vc_empty_space height=&#8221;22px&#8221;][\/vc_column_inner][vc_column_inner width=&#8221;1\/3&#8243;][vc_empty_space height=&#8221;10px&#8221;][vc_single_image image=&#8221;140&#8243; img_size=&#8221;full&#8221; alignment=&#8221;right&#8221;][\/vc_column_inner][\/vc_row_inner][\/vc_tta_section][\/vc_tta_tabs][vc_empty_space height=&#8221;80px&#8221;][\/vc_column][\/vc_row][vc_row][vc_column cms_title_size=&#8221;h2&#8243; cms_counter_border_color=&#8221;&#8221; cms_counter_bg_color=&#8221;&#8221;][\/vc_column][\/vc_row][vc_row full_width=&#8221;stretch_row&#8221; row_color=&#8221;#888888&#8243; css=&#8221;.vc_custom_1480671704976{padding-top: 10px !important;padding-bottom: 55px !important;background-color: #f5f5f5 !important;}&#8221;][vc_column text_align=&#8221;center&#8221; cms_title_size=&#8221;h2&#8243; el_class=&#8221;text-center&#8221;][\/vc_column][\/vc_row]<\/p>\n","protected":false},"excerpt":{"rendered":"<p>[vc_row full_width=&#8221;stretch_row_content_no_spaces&#8221;][vc_column cms_title_size=&#8221;h2&#8243; cms_counter_border_color=&#8221;&#8221; cms_counter_bg_color=&#8221;&#8221;][vc_empty_space height=&#8221;185px&#8221;][\/vc_column][\/vc_row][vc_row full_width=&#8221;stretch_row&#8221; row_color=&#8221;#ffffff&#8221; bg_style=&#8221;bg-effect-lg&#8221; css=&#8221;.vc_custom_1642920823938{padding-top: 20px !important;padding-bottom: 55px !important;background: #e06fa5 url(http:\/\/dev.joomexp.com\/wordpress\/wp-kindergarten\/wp-content\/uploads\/2015\/04\/bg-vector.png?id=30) !important;background-position: center !important;background-repeat: no-repeat !important;background-size: cover !important;}&#8221;][vc_column][vc_column_text el_class=&#8221;color-white&#8221;] Schulische Nachmittagsbetreuung [\/vc_column_text][\/vc_column][\/vc_row][vc_row css=&#8221;.vc_custom_1431004352980{padding-top: 80px !important;padding-bottom: 80px !important;}&#8221;][vc_column width=&#8221;1\/2&#8243; cms_title_size=&#8221;h2&#8243;][cms_heading title=&#8221;Schulische Nachmittagsbetreuung an der Volksschule Rohrbach&#8221;][vc_empty_space height=&#8221;36px&#8221;][vc_column_text]Seit dem Schuljahr 2012\/13 wird an der Volksschule Rohrbach eine GTS in getrennter Abfolge angeboten. [&hellip;]<\/p>\n","protected":false},"author":1,"featured_media":0,"parent":0,"menu_order":0,"comment_status":"closed","ping_status":"closed","template":"","meta":{"footnotes":""},"class_list":["post-3048","page","type-page","status-publish","hentry"],"_links":{"self":[{"href":"https:\/\/www.vsrohrbach-goelsen.ac.at\/index.php?rest_route=\/wp\/v2\/pages\/3048","targetHints":{"allow":["GET"]}}],"collection":[{"href":"https:\/\/www.vsrohrbach-goelsen.ac.at\/index.php?rest_route=\/wp\/v2\/pages"}],"about":[{"href":"https:\/\/www.vsrohrbach-goelsen.ac.at\/index.php?rest_route=\/wp\/v2\/types\/page"}],"author":[{"embeddable":true,"href":"https:\/\/www.vsrohrbach-goelsen.ac.at\/index.php?rest_route=\/wp\/v2\/users\/1"}],"replies":[{"embeddable":true,"href":"https:\/\/www.vsrohrbach-goelsen.ac.at\/index.php?rest_route=%2Fwp%2Fv2%2Fcomments&post=3048"}],"version-history":[{"count":57,"href":"https:\/\/www.vsrohrbach-goelsen.ac.at\/index.php?rest_route=\/wp\/v2\/pages\/3048\/revisions"}],"predecessor-version":[{"id":4036,"href":"https:\/\/www.vsrohrbach-goelsen.ac.at\/index.php?rest_route=\/wp\/v2\/pages\/3048\/revisions\/4036"}],"wp:attachment":[{"href":"https:\/\/www.vsrohrbach-goelsen.ac.at\/index.php?rest_route=%2Fwp%2Fv2%2Fmedia&parent=3048"}],"curies":[{"name":"wp","href":"https:\/\/api.w.org\/{rel}","templated":true}]}}