{"id":3229,"date":"2022-01-20T23:45:55","date_gmt":"2022-01-20T22:45:55","guid":{"rendered":"https:\/\/www.vsrohrbach-goelsen.ac.at\/?page_id=3229"},"modified":"2022-01-23T07:54:55","modified_gmt":"2022-01-23T06:54:55","slug":"chronik-2","status":"publish","type":"page","link":"https:\/\/www.vsrohrbach-goelsen.ac.at\/?page_id=3229","title":{"rendered":"Chronik"},"content":{"rendered":"<p>[vc_row full_width=&#8221;stretch_row_content_no_spaces&#8221;][vc_column cms_title_size=&#8221;h2&#8243; cms_counter_border_color=&#8221;&#8221; cms_counter_bg_color=&#8221;&#8221;][vc_empty_space height=&#8221;185px&#8221;][\/vc_column][\/vc_row][vc_row full_width=&#8221;stretch_row&#8221; row_color=&#8221;#ffffff&#8221; bg_style=&#8221;bg-effect-lg&#8221; css=&#8221;.vc_custom_1642920893229{padding-top: 20px !important;padding-bottom: 55px !important;background: #3bbcd6 url(http:\/\/dev.joomexp.com\/wordpress\/wp-kindergarten\/wp-content\/uploads\/2015\/04\/bg-vector.png?id=30) !important;background-position: center !important;background-repeat: no-repeat !important;background-size: cover !important;}&#8221;][vc_column][vc_column_text el_class=&#8221;color-white&#8221;]<\/p>\n<p style=\"text-align: center; font-size: 38px; line-height: 48px; font-weight: bold;\">Aus der Chronik<\/p>\n<p>[\/vc_column_text][\/vc_column][\/vc_row][vc_row css=&#8221;.vc_custom_1642720253447{padding-top: 20px !important;padding-bottom: 20px !important;}&#8221;][vc_column width=&#8221;1\/2&#8243; cms_title_size=&#8221;h2&#8243;][vc_column_text]Gro\u00dfe Freude bereitete der <strong>Projektmarathon der Landjugend<\/strong> <strong>2013<\/strong>, als innerhalb von 48 Stunden ein <strong>neuer Schulgarten<\/strong> mit Kr\u00e4uterschnecke, Naschecke, Str\u00e4ucherlehrpfad und Sitzgelegenheiten entstand.<\/p>\n<p>Zum <strong>50-j\u00e4hrigen Jubil\u00e4um der Neuen Volksschule 2014<\/strong> wurde ein <strong>Schulhof<\/strong> errichtet, der vielseitige Nutzungsm\u00f6glichkeiten bietet, sei es vom Unterricht im Freien, \u00fcber bewegte Pause in frischer Luft und Spiel- und Freizeitm\u00f6glichkeiten f\u00fcr die Nachmittagsbetreuung der Kinder.<\/p>\n<p>Mit Schulschluss 2013\/14 ging eine <strong>\u00c4ra zu Ende<\/strong>. Die <strong>Zusammenarbeit mit dem Edelhof<\/strong>, Sozialwerke Clara Fey der Schwestern vom armen Kinde Jesus, war gepr\u00e4gt von Vertrauen und gegenseitiger Wertsch\u00e4tzung. Mit gro\u00dfen Emotionen verabschiedete man sich von den Kindern und deren Betreuern und Betreuerinnen.[\/vc_column_text][\/vc_column][vc_column width=&#8221;1\/2&#8243; cms_title_size=&#8221;h2&#8243; cms_counter_border_color=&#8221;&#8221; cms_counter_bg_color=&#8221;&#8221;][vc_gallery interval=&#8221;5&#8243; images=&#8221;3260,3261&#8243; img_size=&#8221;large&#8221; onclick=&#8221;&#8221;][\/vc_column][\/vc_row][vc_row css=&#8221;.vc_custom_1642720939310{padding-top: 20px !important;padding-bottom: 20px !important;background-color: #e5e5e5 !important;}&#8221;][vc_column width=&#8221;1\/2&#8243; cms_title_size=&#8221;h2&#8243;][vc_gallery interval=&#8221;5&#8243; images=&#8221;3258,3259,3257,3256&#8243; img_size=&#8221;large&#8221; onclick=&#8221;&#8221;][\/vc_column][vc_column width=&#8221;1\/2&#8243; cms_title_size=&#8221;h2&#8243; cms_counter_border_color=&#8221;&#8221; cms_counter_bg_color=&#8221;&#8221;][vc_column_text]Um einer modernen Schule gerecht zu werden, wurde im Herbst <strong>2012<\/strong> eine <strong>Nachmittagsbetreuung<\/strong> an der Schule <strong>eingerichtet<\/strong>. Zuerst provisorisch, verf\u00fcgen die Sch\u00fcler und Sch\u00fclerinnen nun \u00fcber einen eigens daf\u00fcr eingerichteten Raum. Mit einer F\u00f6rderung des Landes Nieder\u00f6sterreich konnten alle Adaptierungen f\u00fcr eine entsprechende Betreuung abgeschlossen werden. Zus\u00e4tzlich dazu wurde dauerhaft eine Betreuung in den Sommerferien eingerichtet, die von den Eltern mit gro\u00dfer Erleichterung aufgenommen wurde.<\/p>\n<p>Mit Ende des Schuljahres 2011\/12 wurde <strong>Frau VD OSR Elsa Eckstein<\/strong> nach 25 Jahren Leitung in den wohlverdienten <strong>Ruhestand verabschiede<\/strong>t.<\/p>\n<p>Im Jahr <strong>2008<\/strong> wurde die Klassen mit <strong>Computern<\/strong> und <strong>Internetzugang<\/strong> ausgestattet.<\/p>\n<p>In den Jahren <strong>2005<\/strong> und <strong>2006<\/strong> wurde die <strong>Schule um 370.000 Euro saniert<\/strong>. Die Sanierung beinhaltete das gesamte Dach, die thermische Au\u00dfenfassade, die B\u00f6den, ein neues Lehrmittelzimmer, Lehrerzimmer und eine neue Direktion.<\/p>\n<p>Um dem Zeitgeist zu entsprechen, konnte im November <strong>2000<\/strong> eine <strong>neue Schulk\u00fcche<\/strong> pr\u00e4sentiert werden. Sie entsprach nun allen Anforderungen und gesetzlichen Richtlinien.[\/vc_column_text][\/vc_column][\/vc_row][vc_row css=&#8221;.vc_custom_1642720253447{padding-top: 20px !important;padding-bottom: 20px !important;}&#8221;][vc_column width=&#8221;1\/2&#8243; cms_title_size=&#8221;h2&#8243;][vc_column_text]Zur <strong>200-Jahr Feier<\/strong> Volksschule Rohrbach am <strong>19.05.1985<\/strong> konnten viele Ehreng\u00e4ste begr\u00fc\u00dft werden. Die Schule wurde im Jahre 1785 gleichzeitig mit der Pfarre gegr\u00fcndet.<\/p>\n<p>Am <strong>18.12.1977<\/strong> fand in der <strong>neuen Turnhalle die 1. Adventstunde der Gemeinde<\/strong> unter Beteiligung und Mitgestaltung der Kinder der Volksschule statt. Seither ist dies ein fester Bestandteil unseres Schullebens.<\/p>\n<p>1975 begann der <strong>2. Bauabschnitt<\/strong>. Geplant von Architekt G\u00fcnter Ludwig, gebaut von der Firma Lux und anderen Firmen. Ein <strong>Turnsaal<\/strong> mit einem <strong>Werkraum<\/strong> und <strong>Nebenr\u00e4umen<\/strong> wurde in 2-j\u00e4hriger Bauzeit errichtet. Die Kosten beliefen sich auf 6.306.000 S. Am 14. Februar 1977 konnte der Turnsaal in Betrieb genommen werden. Am 24. April <strong>1977<\/strong> wurde er feierlich gemeinsam mit dem Kindergarten durch Landeshauptmann Andreas Maurer und Herrn Pfarrer P. Altmann Tolksdorf er\u00f6ffnet.[\/vc_column_text][\/vc_column][vc_column width=&#8221;1\/2&#8243; cms_title_size=&#8221;h2&#8243; cms_counter_border_color=&#8221;&#8221; cms_counter_bg_color=&#8221;&#8221;][vc_gallery interval=&#8221;5&#8243; images=&#8221;3255,3253,3254&#8243; img_size=&#8221;large&#8221; onclick=&#8221;&#8221;][\/vc_column][\/vc_row][vc_row css=&#8221;.vc_custom_1642720939310{padding-top: 20px !important;padding-bottom: 20px !important;background-color: #e5e5e5 !important;}&#8221;][vc_column width=&#8221;1\/2&#8243; cms_title_size=&#8221;h2&#8243;][vc_gallery interval=&#8221;5&#8243; images=&#8221;3266,3265&#8243; img_size=&#8221;large&#8221; onclick=&#8221;&#8221;][\/vc_column][vc_column width=&#8221;1\/2&#8243; cms_title_size=&#8221;h2&#8243; cms_counter_border_color=&#8221;&#8221; cms_counter_bg_color=&#8221;&#8221;][vc_column_text]Anfang der 1960er Jahre ben\u00f6tigten 165 Sch\u00fcler dringend eine <strong>neue Volksschule<\/strong>. Die Sch\u00fclerzahl war damals stark angestiegen, deshalb baute man eine Schule mit 6 Klassenr\u00e4umen. Der 1. Bauabschnitt erfolgte von 1961 \u2013 1964. Am 11. Mai<strong> 1964<\/strong> war es dann soweit und alle Beteiligten \u00fcbersiedelten von der alten Schule am heutigen Hauptplatz in das neue Schulhaus. Am 31.05.1964 wurde das Geb\u00e4ude dann von Abt Zedinek und LH Leopold Figl feierlich er\u00f6ffnet. Die Baukosten beliefen sich auf\u00a03.460.000 S. F\u00fcr einen Turnsaal blieb leider kein Geld \u00fcbrig.<\/p>\n<p>Mit Schulschluss 1968\/69 erfolgt die Aufl\u00f6sung der Volksschuloberstufe.[\/vc_column_text][\/vc_column][\/vc_row][vc_row css=&#8221;.vc_custom_1642720253447{padding-top: 20px !important;padding-bottom: 20px !important;}&#8221;][vc_column width=&#8221;1\/2&#8243; cms_title_size=&#8221;h2&#8243;][vc_column_text]Die Schule Rohrbach wurde im Jahr <strong>1785 gegr\u00fcndet<\/strong>. Zuerst hatte ein Schullehrer ein Klassenzimmer im Haus Nr. 20, dem &#8220;Haus am G\u00e4nseanger&#8221;. (Dorfner)<\/p>\n<p>Das <strong>erste Schulhaus<\/strong> wurde als einklassige Pfarrschule <strong>1789<\/strong> neben der Kirche und dem Friedhof er\u00f6ffnet.<\/p>\n<p><strong>1879<\/strong> erfolgte der <strong>Neubau als zweiklassige Gemeindeschule<\/strong>. Diese wurde dann 1895 mit dem Zubau einer 3. Klasse und 1906 mit der Aufstockung des Geb\u00e4udes und der \u00a0Errichtung einer 4. Klasse weiter ausgebaut.<\/p>\n<p>Das nunmehr &#8220;alte Schulhaus&#8221; stand am Hauptplatz, wo seit der Neugestaltung im Jahr 2019 das &#8220;Rohrgeb\u00e4ude&#8221; steht.[\/vc_column_text][\/vc_column][vc_column width=&#8221;1\/2&#8243; cms_title_size=&#8221;h2&#8243; cms_counter_border_color=&#8221;&#8221; cms_counter_bg_color=&#8221;&#8221;][vc_gallery interval=&#8221;5&#8243; images=&#8221;3263,3262,3264&#8243; img_size=&#8221;large&#8221; onclick=&#8221;&#8221;][\/vc_column][\/vc_row][vc_row full_width=&#8221;stretch_row&#8221; row_color=&#8221;#ffffff&#8221; bg_style=&#8221;bg-effect-lg&#8221; css=&#8221;.vc_custom_1642722118626{padding-top: 20px !important;padding-bottom: 55px !important;background: #89b955 url(http:\/\/dev.joomexp.com\/wordpress\/wp-kindergarten\/wp-content\/uploads\/2015\/04\/bg-vector.png?id=30) !important;background-position: center !important;background-repeat: no-repeat !important;background-size: cover !important;}&#8221;][vc_column][vc_column_text el_class=&#8221;color-white&#8221;]<\/p>\n<p style=\"text-align: center; font-size: 38px; line-height: 48px; font-weight: bold;\">Leiter der neuen Volksschule<\/p>\n<p>[\/vc_column_text][\/vc_column][\/vc_row][vc_row full_width=&#8221;stretch_row&#8221; parallax=&#8221;content-moving&#8221; parallax_image=&#8221;2407&#8243; parallax_speed_bg=&#8221;2&#8243; el_class=&#8221;row-overlay&#8221; bg_style=&#8221;img_fixed&#8221; overlay_row=&#8221;yes&#8221; css=&#8221;.vc_custom_1642775384487{padding-top: 95px !important;padding-bottom: 50px !important;}&#8221; overlay_color=&#8221;#d65090&#8243; overlay_opacity=&#8221;0.8&#8243;][vc_column width=&#8221;1\/3&#8243; cms_title_size=&#8221;h2&#8243; cms_counter_border_color=&#8221;&#8221; cms_counter_bg_color=&#8221;&#8221;][vc_single_image image=&#8221;3270&#8243; img_size=&#8221;medium&#8221; alignment=&#8221;center&#8221;][vc_empty_space height=&#8221;20px&#8221;][vc_column_text]<\/p>\n<p style=\"text-align: center;\"><strong>1959 \u2013 1969<\/strong><\/p>\n<h5 style=\"text-align: center;\">VD Ludwig Reiber<\/h5>\n<p>[\/vc_column_text][\/vc_column][vc_column width=&#8221;1\/3&#8243; cms_title_size=&#8221;h2&#8243; cms_counter_border_color=&#8221;&#8221; cms_counter_bg_color=&#8221;&#8221;][vc_single_image image=&#8221;3271&#8243; img_size=&#8221;medium&#8221; alignment=&#8221;center&#8221;][vc_empty_space height=&#8221;20px&#8221;][vc_column_text]<\/p>\n<p style=\"text-align: center;\"><strong>1969 \u2013 1976<\/strong><\/p>\n<h5 style=\"text-align: center;\">VD OSR Karl F\u00f6l\u00df<\/h5>\n<p>[\/vc_column_text][\/vc_column][vc_column width=&#8221;1\/3&#8243; cms_title_size=&#8221;h2&#8243; cms_counter_border_color=&#8221;&#8221; cms_counter_bg_color=&#8221;&#8221;][vc_single_image image=&#8221;3272&#8243; img_size=&#8221;medium&#8221; alignment=&#8221;center&#8221;][vc_empty_space height=&#8221;20px&#8221;][vc_column_text]<\/p>\n<p style=\"text-align: center;\"><strong>1976 \u2013 1980<\/strong><\/p>\n<h5 style=\"text-align: center;\">VD SR Eleonora Auer<\/h5>\n<p>[\/vc_column_text][\/vc_column][\/vc_row][vc_row full_width=&#8221;stretch_row&#8221; parallax=&#8221;content-moving&#8221; parallax_image=&#8221;2407&#8243; parallax_speed_bg=&#8221;2&#8243; el_class=&#8221;row-overlay&#8221; bg_style=&#8221;img_fixed&#8221; overlay_row=&#8221;yes&#8221; css=&#8221;.vc_custom_1642775400977{padding-top: 0px !important;padding-bottom: 50px !important;}&#8221; overlay_color=&#8221;#d65090&#8243; overlay_opacity=&#8221;0.8&#8243;][vc_column width=&#8221;1\/3&#8243; cms_title_size=&#8221;h2&#8243; cms_counter_border_color=&#8221;&#8221; cms_counter_bg_color=&#8221;&#8221;][vc_single_image image=&#8221;3273&#8243; img_size=&#8221;medium&#8221; alignment=&#8221;center&#8221;][vc_empty_space height=&#8221;20px&#8221;][vc_column_text]<\/p>\n<p style=\"text-align: center;\"><strong>1980 \u2013 1987<\/strong><\/p>\n<h5 style=\"text-align: center;\">VD SR Erna F\u00fcrst<\/h5>\n<p>[\/vc_column_text][vc_empty_space height=&#8221;50px&#8221;][\/vc_column][vc_column width=&#8221;1\/3&#8243; cms_title_size=&#8221;h2&#8243; cms_counter_border_color=&#8221;&#8221; cms_counter_bg_color=&#8221;&#8221;][vc_single_image image=&#8221;3274&#8243; img_size=&#8221;medium&#8221; alignment=&#8221;center&#8221;][vc_empty_space height=&#8221;20px&#8221;][vc_column_text]<\/p>\n<p style=\"text-align: center;\"><strong>1987 \u2013 2012<\/strong><\/p>\n<h5 style=\"text-align: center;\">VD OSR Elsa Eckstein<\/h5>\n<p>[\/vc_column_text][vc_empty_space height=&#8221;50px&#8221;][\/vc_column][vc_column width=&#8221;1\/3&#8243; cms_title_size=&#8221;h2&#8243; cms_counter_border_color=&#8221;&#8221; cms_counter_bg_color=&#8221;&#8221;][vc_single_image image=&#8221;3275&#8243; img_size=&#8221;medium&#8221; alignment=&#8221;center&#8221;][vc_empty_space height=&#8221;20px&#8221;][vc_column_text]<\/p>\n<p style=\"text-align: center;\"><strong>seit 2012<\/strong><\/p>\n<h5 style=\"text-align: center;\">VD Magdalena Fertner<\/h5>\n<p>[\/vc_column_text][vc_empty_space height=&#8221;50px&#8221;][\/vc_column][\/vc_row]<\/p>\n","protected":false},"excerpt":{"rendered":"<p>[vc_row full_width=&#8221;stretch_row_content_no_spaces&#8221;][vc_column cms_title_size=&#8221;h2&#8243; cms_counter_border_color=&#8221;&#8221; cms_counter_bg_color=&#8221;&#8221;][vc_empty_space height=&#8221;185px&#8221;][\/vc_column][\/vc_row][vc_row full_width=&#8221;stretch_row&#8221; row_color=&#8221;#ffffff&#8221; bg_style=&#8221;bg-effect-lg&#8221; css=&#8221;.vc_custom_1642920893229{padding-top: 20px !important;padding-bottom: 55px !important;background: #3bbcd6 url(http:\/\/dev.joomexp.com\/wordpress\/wp-kindergarten\/wp-content\/uploads\/2015\/04\/bg-vector.png?id=30) !important;background-position: center !important;background-repeat: no-repeat !important;background-size: cover !important;}&#8221;][vc_column][vc_column_text el_class=&#8221;color-white&#8221;] Aus der Chronik [\/vc_column_text][\/vc_column][\/vc_row][vc_row css=&#8221;.vc_custom_1642720253447{padding-top: 20px !important;padding-bottom: 20px !important;}&#8221;][vc_column width=&#8221;1\/2&#8243; cms_title_size=&#8221;h2&#8243;][vc_column_text]Gro\u00dfe Freude bereitete der Projektmarathon der Landjugend 2013, als innerhalb von 48 Stunden ein neuer Schulgarten mit Kr\u00e4uterschnecke, Naschecke, Str\u00e4ucherlehrpfad und [&hellip;]<\/p>\n","protected":false},"author":1,"featured_media":0,"parent":0,"menu_order":0,"comment_status":"closed","ping_status":"closed","template":"","meta":{"footnotes":""},"class_list":["post-3229","page","type-page","status-publish","hentry"],"_links":{"self":[{"href":"https:\/\/www.vsrohrbach-goelsen.ac.at\/index.php?rest_route=\/wp\/v2\/pages\/3229","targetHints":{"allow":["GET"]}}],"collection":[{"href":"https:\/\/www.vsrohrbach-goelsen.ac.at\/index.php?rest_route=\/wp\/v2\/pages"}],"about":[{"href":"https:\/\/www.vsrohrbach-goelsen.ac.at\/index.php?rest_route=\/wp\/v2\/types\/page"}],"author":[{"embeddable":true,"href":"https:\/\/www.vsrohrbach-goelsen.ac.at\/index.php?rest_route=\/wp\/v2\/users\/1"}],"replies":[{"embeddable":true,"href":"https:\/\/www.vsrohrbach-goelsen.ac.at\/index.php?rest_route=%2Fwp%2Fv2%2Fcomments&post=3229"}],"version-history":[{"count":33,"href":"https:\/\/www.vsrohrbach-goelsen.ac.at\/index.php?rest_route=\/wp\/v2\/pages\/3229\/revisions"}],"predecessor-version":[{"id":3434,"href":"https:\/\/www.vsrohrbach-goelsen.ac.at\/index.php?rest_route=\/wp\/v2\/pages\/3229\/revisions\/3434"}],"wp:attachment":[{"href":"https:\/\/www.vsrohrbach-goelsen.ac.at\/index.php?rest_route=%2Fwp%2Fv2%2Fmedia&parent=3229"}],"curies":[{"name":"wp","href":"https:\/\/api.w.org\/{rel}","templated":true}]}}