{"id":3289,"date":"2022-01-21T18:01:41","date_gmt":"2022-01-21T17:01:41","guid":{"rendered":"https:\/\/www.vsrohrbach-goelsen.ac.at\/?page_id=3289"},"modified":"2025-11-06T13:54:47","modified_gmt":"2025-11-06T12:54:47","slug":"elternverein","status":"publish","type":"page","link":"https:\/\/www.vsrohrbach-goelsen.ac.at\/?page_id=3289","title":{"rendered":"Elternverein"},"content":{"rendered":"<p>[vc_row full_width=&#8221;stretch_row_content_no_spaces&#8221;][vc_column cms_title_size=&#8221;h2&#8243; cms_counter_border_color=&#8221;&#8221; cms_counter_bg_color=&#8221;&#8221;][vc_empty_space height=&#8221;185px&#8221;][\/vc_column][\/vc_row][vc_row full_width=&#8221;stretch_row&#8221; row_color=&#8221;#ffffff&#8221; bg_style=&#8221;bg-effect-lg&#8221; css=&#8221;.vc_custom_1642790844505{padding-top: 20px !important;padding-bottom: 55px !important;background: #89b955 url(http:\/\/dev.joomexp.com\/wordpress\/wp-kindergarten\/wp-content\/uploads\/2015\/04\/bg-vector.png?id=30) !important;background-position: center !important;background-repeat: no-repeat !important;background-size: cover !important;}&#8221;][vc_column][vc_column_text el_class=&#8221;color-white&#8221;]<\/p>\n<p style=\"text-align: center; font-size: 38px; line-height: 48px; font-weight: bold;\">Elternverein der Volksschule Rohrbach<\/p>\n<p>[\/vc_column_text][\/vc_column][\/vc_row][vc_row css=&#8221;.vc_custom_1642720253447{padding-top: 20px !important;padding-bottom: 20px !important;}&#8221;][vc_column width=&#8221;1\/2&#8243; cms_title_size=&#8221;h2&#8243;][cms_heading title=&#8221;Aufgaben und Ziele&#8221; line_color=&#8221;#89b955&#8243;][vc_column_text]Der Elternverein vertritt die Anliegen und W\u00fcnsche der Eltern und sieht sich zugleich als Bindeglied zwischen\u00a0Schule, Direktion, LehrerInnen und Eltern.<\/p>\n<p>Eine gute <strong>Zusammenarbeit zwischen Eltern und Schule<\/strong> ist die Basis, um die Entwicklung unserer Kinder bestm\u00f6glich zu unterst\u00fctzen und zu f\u00f6rdern.<\/p>\n<p>Wir sind <strong>gemeinsam aktiv<\/strong>, um unseren Kindern eine wundersch\u00f6ne, lehrreiche, und gl\u00fcckliche Volksschulzeit zu erm\u00f6glichen, auf die sie ein Leben lange gerne zur\u00fcckblicken.<\/p>\n<p>Dem Vorstand des Elternvereins ist es ein Anliegen, <strong>aktuelle Themen der Schule oder Erziehung<\/strong> im Rahmen von Informations- oder Diskussionsveranstaltungen aufgreifen, <strong>Veranstaltungen und Projekte der Schule<\/strong> mitzugestalten und sozial schw\u00e4chere Sch\u00fclerInnen bei schulbedingten <strong>Mehrausgaben zu unterst\u00fctzen<\/strong>.[\/vc_column_text][vc_empty_space height=&#8221;20px&#8221;][\/vc_column][vc_column width=&#8221;1\/2&#8243; cms_title_size=&#8221;h2&#8243; cms_counter_border_color=&#8221;&#8221; cms_counter_bg_color=&#8221;&#8221;][vc_empty_space height=&#8221;20px&#8221;][vc_single_image image=&#8221;4157&#8243; img_size=&#8221;large&#8221;][\/vc_column][\/vc_row][vc_row css=&#8221;.vc_custom_1642788254430{padding-top: 0px !important;padding-right: 20px !important;padding-bottom: 20px !important;padding-left: 20px !important;background-color: #e5e5e5 !important;}&#8221;][vc_column width=&#8221;1\/2&#8243; cms_title_size=&#8221;h2&#8243;][cms_heading title=&#8221;Die Organe des Elternvereins&#8221; line_color=&#8221;#89b955&#8243;][vc_column_text]<strong>Der Vorstand<\/strong> ist gew\u00e4hltes Organ des Elternvereins. Diese Funktion gilt jeweils f\u00fcr zwei Schuljahre. Die letzte Jahreshauptversammlung mit Neuwahl des Vorstandes fand am 5. Oktober 2025 statt.<\/p>\n<p><strong>Die Elternvertreter<\/strong>\u00a0stellen sich in den Klassen als Vertreter zur Verf\u00fcgung und werden von allen Eltern der jeweiligen Klasse\u00a0f\u00fcr ein Schuljahr gew\u00e4hlt \/ best\u00e4tigt.[\/vc_column_text][\/vc_column][vc_column width=&#8221;1\/2&#8243; cms_title_size=&#8221;h2&#8243; cms_counter_border_color=&#8221;&#8221; cms_counter_bg_color=&#8221;&#8221;][vc_column_text css=&#8221;.vc_custom_1762430219581{padding-top: 10px !important;padding-right: 10px !important;padding-bottom: 10px !important;padding-left: 10px !important;}&#8221;]Obfrau:\u00a0 \u00a0 \u00a0 \u00a0 \u00a0 \u00a0 \u00a0 \u00a0 \u00a0 \u00a0 \u00a0 \u00a0 \u00a0 \u00a0 \u00a0 \u00a0 \u00a0 \u00a0 \u00a0 \u00a0 \u00a0 \u00a0 \u00a0 \u00a0 \u00a0Barbara BADER<\/p>\n<p>Obfrau-Stv.:\u00a0 \u00a0 \u00a0 \u00a0 \u00a0 \u00a0 \u00a0 \u00a0 \u00a0 \u00a0 \u00a0 \u00a0 \u00a0 \u00a0 \u00a0 \u00a0 \u00a0 \u00a0 \u00a0 \u00a0 \u00a0Andrea PANDALITSCHKA<\/p>\n<p>Schriftf\u00fchrerin:\u00a0 \u00a0 \u00a0 \u00a0 \u00a0 \u00a0 \u00a0 \u00a0 \u00a0 \u00a0 \u00a0 \u00a0 \u00a0 \u00a0 \u00a0 \u00a0 \u00a0 \u00a0Martina FASCHING<\/p>\n<p>Schriftf\u00fchrerin-Stv.:\u00a0 \u00a0 \u00a0 \u00a0 \u00a0 \u00a0 \u00a0 \u00a0 \u00a0 \u00a0 \u00a0 \u00a0 \u00a0 \u00a0Christina MAUSER-BOSCH<\/p>\n<p>Kassierin:\u00a0 \u00a0 \u00a0 \u00a0 \u00a0 \u00a0 \u00a0 \u00a0 \u00a0 \u00a0 \u00a0 \u00a0 \u00a0 \u00a0 \u00a0 \u00a0 \u00a0 \u00a0 \u00a0 \u00a0 \u00a0 \u00a0 \u00a0 Christiane ZELLER<\/p>\n<p>Kassierin-Stv.:\u00a0 \u00a0 \u00a0 \u00a0 \u00a0 \u00a0 \u00a0 \u00a0 \u00a0 \u00a0 \u00a0 \u00a0 \u00a0 \u00a0 \u00a0 \u00a0 \u00a0 \u00a0 \u00a0Claudia DEMETZ<\/p>\n<p>Kassapr\u00fcferinnen:\u00a0 \u00a0 \u00a0 \u00a0 \u00a0 \u00a0 \u00a0 \u00a0 \u00a0 \u00a0 \u00a0 \u00a0 \u00a0 \u00a0 \u00a0 Karoline SCHILDB\u00d6CK, Lisa GRUBER[\/vc_column_text][\/vc_column][\/vc_row][vc_row][vc_column css=&#8221;.vc_custom_1642787182698{padding-top: 20px !important;padding-bottom: 20px !important;}&#8221;][vc_empty_space height=&#8221;20px&#8221;][cms_heading title=&#8221;Aktuelle Termine &amp; Veranstaltungen&#8221; line_color=&#8221;#89b955&#8243;][vc_column_text]Winterflohmarkt<\/p>\n<p>B\u00fccherflohmarkt<\/p>\n<p>Ferienspiel<\/p>\n<p>[\/vc_column_text][\/vc_column][\/vc_row][vc_row][vc_column css=&#8221;.vc_custom_1642787182698{padding-top: 20px !important;padding-bottom: 20px !important;}&#8221;][vc_empty_space height=&#8221;20px&#8221;][\/vc_column][\/vc_row][vc_row full_width=&#8221;stretch_row&#8221; row_color=&#8221;#ffffff&#8221; bg_style=&#8221;bg-effect-lg&#8221; css=&#8221;.vc_custom_1642722118626{padding-top: 20px !important;padding-bottom: 55px !important;background: #89b955 url(http:\/\/dev.joomexp.com\/wordpress\/wp-kindergarten\/wp-content\/uploads\/2015\/04\/bg-vector.png?id=30) !important;background-position: center !important;background-repeat: no-repeat !important;background-size: cover !important;}&#8221;][vc_column][vc_column_text el_class=&#8221;color-white&#8221;]<\/p>\n<p style=\"text-align: center; font-size: 38px; line-height: 48px; font-weight: bold;\">Sie wollen uns helfen oder aktiv mitarbeiten?<\/p>\n<p>[\/vc_column_text][\/vc_column][\/vc_row][vc_row][vc_column css=&#8221;.vc_custom_1642787182698{padding-top: 20px !important;padding-bottom: 20px !important;}&#8221;][vc_column_text]Mit<strong> 12 Euro pro Jahr<\/strong> unterst\u00fctzen Sie uns und die Anliegen Ihrer Kinder.<\/p>\n<p>Um dem Elternverein beizutreten, \u00fcberweisen Sie bitte die 12 Euro auf das Konto des Elternvereins mit dem Namen und der Klasse des\/der Kind\/er.<\/p>\n<p>Elternverein der Volksschule Rohrbach an der G\u00f6lsen<br \/>\nIBAN: AT11 3244 7000 0030 6886\u00a0\u00a0\u00a0\u00a0\u00a0\u00a0\u00a0\u00a0\u00a0 BIC: RLNWATWWLFD<\/p>\n<p>Wir sind offen f\u00fcr <strong>Ideen, Vorschl\u00e4ge und W\u00fcnsche<\/strong> und k\u00f6nnen auch immer <strong>helfenden H\u00e4nde bei Veranstaltungen<\/strong> brauchen. Wir freuen uns auf Sie!<\/p>\n<p>&nbsp;<\/p>\n<p>Sie erreichen <strong>Obfrau Barbara Bader<\/strong> unter:<\/p>\n<p>Mobil: 0650 \/ 8510416<\/p>\n<p>E-Mail: barbara.bader@gmx.at[\/vc_column_text][\/vc_column][\/vc_row][vc_row full_width=&#8221;stretch_row_content_no_spaces&#8221;][vc_column cms_title_size=&#8221;h2&#8243; cms_counter_border_color=&#8221;&#8221; cms_counter_bg_color=&#8221;&#8221;][vc_empty_space height=&#8221;20px&#8221;][\/vc_column][\/vc_row][vc_row full_width=&#8221;stretch_row&#8221; parallax=&#8221;content-moving&#8221; parallax_image=&#8221;2407&#8243; parallax_speed_bg=&#8221;2&#8243; el_class=&#8221;row-overlay&#8221; bg_style=&#8221;img_fixed&#8221; overlay_row=&#8221;yes&#8221; css=&#8221;.vc_custom_1642791225584{padding-top: 50px !important;padding-bottom: 50px !important;background-color: #e06fa5 !important;}&#8221; overlay_color=&#8221;#d65090&#8243; overlay_opacity=&#8221;0.8&#8243;][vc_column width=&#8221;1\/3&#8243; cms_title_size=&#8221;h2&#8243; cms_counter_border_color=&#8221;&#8221; cms_counter_bg_color=&#8221;&#8221;][cms_fancybox icon1=&#8221;fas fa-clipboard-list&#8221; title1=&#8221;Aktuelle Themen&#8221; cms_title_size=&#8221;h3&#8243; cms_fancybox_icon_color=&#8221;#da5192&#8243; cms_fancybox_boder_color=&#8221;#ffffff&#8221; cms_fancybox_bg_color=&#8221;#ffffff&#8221; cms_fancybox_title_color=&#8221;#ffdd00&#8243; cms_fancybox_content_color=&#8221;#ffffff&#8221; description1=&#8221;Stellungnahme &amp; Diskussion.&#8221; cms_template=&#8221;cms_fancybox&#8211;layout-3.php&#8221;][vc_empty_space height=&#8221;50px&#8221;][cms_fancybox icon1=&#8221;fas fa-shopping-bag&#8221; title1=&#8221;Flohm\u00e4rkte&#8221; cms_title_size=&#8221;h3&#8243; cms_fancybox_icon_color=&#8221;#da5192&#8243; cms_fancybox_boder_color=&#8221;#ffffff&#8221; cms_fancybox_bg_color=&#8221;#ffffff&#8221; cms_fancybox_title_color=&#8221;#ffdd00&#8243; cms_fancybox_content_color=&#8221;#ffffff&#8221; description1=&#8221;B\u00fccherflohmarkt im Fr\u00fchling und Winterflohmarkt.&#8221; cms_template=&#8221;cms_fancybox&#8211;layout-3.php&#8221;][\/vc_column][vc_column width=&#8221;1\/3&#8243; cms_title_size=&#8221;h2&#8243; cms_counter_border_color=&#8221;&#8221; cms_counter_bg_color=&#8221;&#8221;][cms_fancybox icon1=&#8221;fas fa-euro-sign&#8221; title1=&#8221;Unterst\u00fctzung&#8221; cms_title_size=&#8221;h3&#8243; cms_fancybox_icon_color=&#8221;#da5192&#8243; cms_fancybox_boder_color=&#8221;#ffffff&#8221; cms_fancybox_bg_color=&#8221;#ffffff&#8221; cms_fancybox_title_color=&#8221;#ffdd00&#8243; cms_fancybox_content_color=&#8221;#ffffff&#8221; description1=&#8221;Zusch\u00fcsse f\u00fcr Sch\u00fclerInnen bei Veranstaltungen.&#8221; cms_template=&#8221;cms_fancybox&#8211;layout-3.php&#8221;][vc_empty_space height=&#8221;50px&#8221;][cms_fancybox icon1=&#8221;fas fa-mug-hot&#8221; title1=&#8221;Verpflegung&#8221; cms_title_size=&#8221;h3&#8243; cms_fancybox_icon_color=&#8221;#da5192&#8243; cms_fancybox_boder_color=&#8221;#ffffff&#8221; cms_fancybox_bg_color=&#8221;#ffffff&#8221; cms_fancybox_title_color=&#8221;#ffdd00&#8243; cms_fancybox_content_color=&#8221;#ffffff&#8221; description1=&#8221;Organisation der Verk\u00f6stigung bei Gemeinde-Veranstaltungen.&#8221; cms_template=&#8221;cms_fancybox&#8211;layout-3.php&#8221;][\/vc_column][vc_column width=&#8221;1\/3&#8243; cms_title_size=&#8221;h2&#8243; cms_counter_border_color=&#8221;&#8221; cms_counter_bg_color=&#8221;&#8221;][cms_fancybox icon1=&#8221;far fa-thumbs-up&#8221; title1=&#8221;Subventionen&#8221; cms_title_size=&#8221;h3&#8243; cms_fancybox_icon_color=&#8221;#da5192&#8243; cms_fancybox_boder_color=&#8221;#ffffff&#8221; cms_fancybox_bg_color=&#8221;#ffffff&#8221; cms_fancybox_title_color=&#8221;#ffdd00&#8243; cms_fancybox_content_color=&#8221;#ffffff&#8221; description1=&#8221;F\u00fcr die Anschaffung von Lehrbehelfen.&#8221; cms_template=&#8221;cms_fancybox&#8211;layout-3.php&#8221;][vc_empty_space height=&#8221;50px&#8221;][cms_fancybox icon1=&#8221;fas fa-child&#8221; title1=&#8221;Freizeit&#8221; cms_title_size=&#8221;h3&#8243; cms_fancybox_icon_color=&#8221;#da5192&#8243; cms_fancybox_boder_color=&#8221;#ffffff&#8221; cms_fancybox_bg_color=&#8221;#ffffff&#8221; cms_fancybox_title_color=&#8221;#ffdd00&#8243; cms_fancybox_content_color=&#8221;#ffffff&#8221; description1=&#8221;Ferienspiel, Theaterworkshop,&#8230;&#8221; cms_template=&#8221;cms_fancybox&#8211;layout-3.php&#8221;][\/vc_column][\/vc_row][vc_row full_width=&#8221;stretch_row&#8221; row_head_color=&#8221;#575656&#8243; css=&#8221;.vc_custom_1480671629135{padding-top: 25px !important;padding-bottom: 30px !important;}&#8221;][vc_column width=&#8221;1\/2&#8243;][cms_heading title=&#8221;Gr\u00fcndung &amp; Geschichte&#8221; line_color=&#8221;#89b955&#8243;][vc_empty_space height=&#8221;20px&#8221;][vc_column_text]Das Schulunterrichtsgesetz von 1974 beinhaltet als Grundsatz u. a. das Mitspracherecht der Eltern in vielen schulischen Entscheidungen.<\/p>\n<p>Deshalb sollte in jeder Schulgemeinde ein Elternverein bestehen.<\/p>\n<p>In Rohrbach wurde bereits <strong>1950 ein Elternverein gegr\u00fcndet<\/strong>, der viele Jahre funktionierte, Ende der 60er Jahre aber &#8220;einschlief&#8221;. Um einen neuen Elternverein anmelden zu k\u00f6nnen, musste der nicht mehr funktionierende Elternverein abgemeldet werden. Dies zog sich \u00fcber ein Jahr hin.<\/p>\n<p>Am 22. November <strong>1978<\/strong> fand endlich die konstituierende Hauptversammlung des <strong>neu gegr\u00fcndeten Elternvereines<\/strong> statt.[\/vc_column_text][vc_empty_space][\/vc_column][vc_column width=&#8221;1\/2&#8243;][vc_column_text]<strong>Bisherige Elternvereinsobleute:<\/strong><\/p>\n<p>1978: Gr\u00fcndung unter Herrn Werner Griessler<\/p>\n<p>1986 &#8211; 1987\u00a0\u00a0\u00a0 Walter Gretzl<\/p>\n<p>1987 &#8211; 1994\u00a0\u00a0\u00a0 Eva Steyrer<\/p>\n<p>1994 &#8211; 2000\u00a0\u00a0 Maria Pandalitschka<\/p>\n<p>2000 &#8211; 2003\u00a0 Anneliese Zwesper<\/p>\n<p>2003 &#8211; 2007\u00a0 Johanna Hofecker<\/p>\n<p>2007 &#8211; 2011\u00a0\u00a0\u00a0 Veronika Scherz<\/p>\n<p>2011 &#8211; 2013\u00a0 \u00a0 Sandra Batzler-Wei\u00dfenb\u00f6ck<\/p>\n<p>2013 &#8211; 2015\u00a0\u00a0\u00a0 Monika Z\u00f6chling<\/p>\n<p>2015 &#8211; 2017\u00a0\u00a0\u00a0\u00a0 Sandra B\u00f6hmwalder<\/p>\n<p>2017 &#8211; 2019\u00a0 \u00a0 \u00a0Notburga Uhrfahrer<\/p>\n<p>2019 &#8211; 2021\u00a0\u00a0\u00a0\u00a0 Barbara Bader<\/p>\n<p>2021 &#8211; 2025\u00a0 \u00a0 \u00a0Eveline Z\u00f6chner<\/p>\n<p>seit 2025\u00a0 \u00a0 \u00a0 \u00a0 \u00a0 Barbara Bader[\/vc_column_text][\/vc_column][\/vc_row]<\/p>\n","protected":false},"excerpt":{"rendered":"<p>[vc_row full_width=&#8221;stretch_row_content_no_spaces&#8221;][vc_column cms_title_size=&#8221;h2&#8243; cms_counter_border_color=&#8221;&#8221; cms_counter_bg_color=&#8221;&#8221;][vc_empty_space height=&#8221;185px&#8221;][\/vc_column][\/vc_row][vc_row full_width=&#8221;stretch_row&#8221; row_color=&#8221;#ffffff&#8221; bg_style=&#8221;bg-effect-lg&#8221; css=&#8221;.vc_custom_1642790844505{padding-top: 20px !important;padding-bottom: 55px !important;background: #89b955 url(http:\/\/dev.joomexp.com\/wordpress\/wp-kindergarten\/wp-content\/uploads\/2015\/04\/bg-vector.png?id=30) !important;background-position: center !important;background-repeat: no-repeat !important;background-size: cover !important;}&#8221;][vc_column][vc_column_text el_class=&#8221;color-white&#8221;] Elternverein der Volksschule Rohrbach [\/vc_column_text][\/vc_column][\/vc_row][vc_row css=&#8221;.vc_custom_1642720253447{padding-top: 20px !important;padding-bottom: 20px !important;}&#8221;][vc_column width=&#8221;1\/2&#8243; cms_title_size=&#8221;h2&#8243;][cms_heading title=&#8221;Aufgaben und Ziele&#8221; line_color=&#8221;#89b955&#8243;][vc_column_text]Der Elternverein vertritt die Anliegen und W\u00fcnsche der Eltern und sieht sich zugleich als Bindeglied zwischen\u00a0Schule, [&hellip;]<\/p>\n","protected":false},"author":1,"featured_media":0,"parent":0,"menu_order":0,"comment_status":"closed","ping_status":"closed","template":"","meta":{"footnotes":""},"class_list":["post-3289","page","type-page","status-publish","hentry"],"_links":{"self":[{"href":"https:\/\/www.vsrohrbach-goelsen.ac.at\/index.php?rest_route=\/wp\/v2\/pages\/3289","targetHints":{"allow":["GET"]}}],"collection":[{"href":"https:\/\/www.vsrohrbach-goelsen.ac.at\/index.php?rest_route=\/wp\/v2\/pages"}],"about":[{"href":"https:\/\/www.vsrohrbach-goelsen.ac.at\/index.php?rest_route=\/wp\/v2\/types\/page"}],"author":[{"embeddable":true,"href":"https:\/\/www.vsrohrbach-goelsen.ac.at\/index.php?rest_route=\/wp\/v2\/users\/1"}],"replies":[{"embeddable":true,"href":"https:\/\/www.vsrohrbach-goelsen.ac.at\/index.php?rest_route=%2Fwp%2Fv2%2Fcomments&post=3289"}],"version-history":[{"count":29,"href":"https:\/\/www.vsrohrbach-goelsen.ac.at\/index.php?rest_route=\/wp\/v2\/pages\/3289\/revisions"}],"predecessor-version":[{"id":4162,"href":"https:\/\/www.vsrohrbach-goelsen.ac.at\/index.php?rest_route=\/wp\/v2\/pages\/3289\/revisions\/4162"}],"wp:attachment":[{"href":"https:\/\/www.vsrohrbach-goelsen.ac.at\/index.php?rest_route=%2Fwp%2Fv2%2Fmedia&parent=3289"}],"curies":[{"name":"wp","href":"https:\/\/api.w.org\/{rel}","templated":true}]}}